{"id":792,"date":"2020-10-22T15:59:13","date_gmt":"2020-10-22T18:59:13","guid":{"rendered":"http:\/\/www.institutoliberdadedigital.com.br\/site\/?page_id=792"},"modified":"2020-10-30T18:08:43","modified_gmt":"2020-10-30T21:08:43","slug":"politica-de-privacidade","status":"publish","type":"page","link":"https:\/\/www.institutoliberdadedigital.com.br\/site\/politica-de-privacidade\/","title":{"rendered":"Pol\u00edtica de Privacidade"},"content":{"rendered":"<p>Sua privacidade \u00e9 importante para o Instituto Liberdade Digital (\u201cILD\u201d) o qual est\u00e1 comprometido em cumprir todos os aspectos da Lei Geral de Prote\u00e7\u00e3o de Dados Pessoais e o Marco Civil da Internet.<\/p>\n<p>O intuito desta Pol\u00edtica de Privacidade \u00e9 esclarecer a forma como os seus dados. pessoais ser\u00e3o tratados, quando voc\u00ea estiver utilizando o site <a href=\"http:\/\/www.institutoliberdadedigital.com.br\">www.institutoliberdadedigital.com.br<\/a> .<\/p>\n<p>Portanto, recomendamos que voc\u00ea leia com bastante aten\u00e7\u00e3o, e, se tiver qualquer d\u00favida, n\u00e3o deixe de entrar em contato com o ILD pela aba Contato, dispon\u00edvel no site.<\/p>\n<p><strong>O que \u00e9 o ILD?<\/strong><\/p>\n<p>O ILD \u00e9 um centro de pesquisa que atua por meio de pesquisas multidisciplinares em prol da Liberdade Digital e acredita no\u00a0 potencial das tecnologias digitais para a promo\u00e7\u00e3o da Democracia. Tem como miss\u00e3o garantir a liberdade no ambiente digital e a livre express\u00e3o por meio de constru\u00e7\u00f5es coletivas que incentivem e fortale\u00e7am a democracia.<\/p>\n<p><strong>O que esperar do site ?<\/strong><\/p>\n<p>O site do ILD tem a fun\u00e7\u00e3o de ser fonte de informa\u00e7\u00e3o nos grandes temas: tecnologia e democracia e se prop\u00f5e a ser reposit\u00f3rio de informa\u00e7\u00e3o de qualidade nessas \u00e1reas.<\/p>\n<p><strong>Quais dados coletamos? Para qual finalidade?<\/strong><\/p>\n<p><u>Nome, e-mail e telefone:<\/u> Coletamos nome, e-mail e telefone apenas para para manter contato com o usu\u00e1rio e enviar newsletter, caso ele tenha se cadastrado.<\/p>\n<p><u>Registro de Acesso:<\/u> Poder\u00e3o ser coletadas informa\u00e7\u00f5es como endere\u00e7o IP, tipo e vers\u00e3o de navegador, tipo e vers\u00e3o do sistema operacional, informa\u00e7\u00f5es de geolocaliza\u00e7\u00e3o, etc.<\/p>\n<p><u>Cookies:<\/u>Os cookies s\u00e3o dados importantes para o funcionamento do site e para medir m\u00e9tricas de acesso. N\u00e3o compartilhamos estes dados com terceiros, al\u00e9m daqueles respons\u00e1veis pelos pr\u00f3prios cookies. O usu\u00e1rio pode ajustar suas configura\u00e7\u00f5es de navegador para desabilitar os cookies ou delet\u00e1-los.<\/p>\n<p><strong>Com quem compartilhamos?<\/strong><\/p>\n<p>O ILD poder\u00e1 compartilhar dados pessoais dos usu\u00e1rios com terceiros que prestam servi\u00e7os relacionados a hospedagem do site e do e-mail e com a ag\u00eancia de publicidade, para fins de comunica\u00e7\u00e3o com os usu\u00e1rios.<\/p>\n<p>O compartilhamento dos dados ser\u00e1 sempre o estritamente necess\u00e1rio, de acordo com os par\u00e2metros e garantias estipulados nesta Pol\u00edtica.<\/p>\n<p>O ILD poder\u00e1 compartilhar dados pessoais com terceiros quando estivermos diante de ordem judicial, nos termos do art. 15, \u00a7 2\u00ba do Marco Civil da Internet.<\/p>\n<p><strong>Como e por quanto tempo ser\u00e3o armazenados?<\/strong><\/p>\n<p>Em cumprimento ao disposto pelo Marco Civil da Internet, os registros de acesso coletadas poder\u00e3o ser armazenadas por 6 (seis) meses. Esse prazo poder\u00e1 ser maior, desde que devidamente motivado por decis\u00e3o judicial ou administrativa, nos termos da legisla\u00e7\u00e3o aplic\u00e1vel.<\/p>\n<p>Os demais dados pessoais coletados ser\u00e3o exclu\u00eddos quando o usu\u00e1rio assim solicitar por meio do canal contato no site, ou quando estes n\u00e3o forem mais necess\u00e1rios para a execu\u00e7\u00e3o dos servi\u00e7os que o ILD presta.<\/p>\n<p><strong>Como \u00e9 a seguran\u00e7a dos dados tratados pelo ILD?<\/strong><\/p>\n<p>Todos os dados coletados s\u00e3o mantidos em uma base de dados armazenada em servidor contratado, em nuvem privada. As informa\u00e7\u00f5es s\u00e3o protegidas por criptografia (ponta a ponta) e contam com protocolos avan\u00e7ados de seguran\u00e7a.<\/p>\n<p><strong>O que o ILD pensa sobre SPAM?\u00a0<\/strong><\/p>\n<p>As informa\u00e7\u00f5es coletadas, inclusive nome e e-mail jamais ser\u00e3o utilizadas para envio de SPAM de qualquer natureza. Al\u00e9m disso, a qualquer momento, o usu\u00e1rio pode manifestar interesse em deixar de receber informa\u00e7\u00f5es via e-mail.<\/p>\n<p><strong>Essa pol\u00edtica de privacidade poder\u00e1 ser alterada?<\/strong><\/p>\n<p>O ILD se reserva o direito de alterar a pol\u00edtica de privacidade a qualquer momento por motivos de adequa\u00e7\u00e3o t\u00e9cnica dos sistemas internos, expans\u00e3o ou limita\u00e7\u00e3o do escopo do servi\u00e7o ou, ainda, por eventuais mudan\u00e7as na legisla\u00e7\u00e3o cab\u00edvel. Quaisquer mudan\u00e7as ser\u00e3o informadas aos usu\u00e1rios.<\/p>\n<p><strong>Ficou alguma d\u00favida?<\/strong><\/p>\n<p>Qualquer d\u00favida, entre em contato por meio da aba de \u201cContato\u201d do site.<\/p>\n","protected":false},"excerpt":{"rendered":"<p>Sua privacidade \u00e9 importante para o Instituto Liberdade Digital (\u201cILD\u201d) o qual est\u00e1 comprometido em cumprir todos os aspectos da Lei Geral de Prote\u00e7\u00e3o de Dados Pessoais e o Marco Civil da Internet. O intuito desta Pol\u00edtica de Privacidade \u00e9 <a class=\"read_more\" href=\"https:\/\/www.institutoliberdadedigital.com.br\/site\/politica-de-privacidade\/\" style=\"display: none;\"> Read more<\/a><\/p>\n","protected":false},"author":3,"featured_media":0,"parent":0,"menu_order":0,"comment_status":"closed","ping_status":"closed","template":"page-padrao.php","meta":[],"acf":[],"yoast_head":"<!-- This site is optimized with the Yoast SEO plugin v19.6 - https:\/\/yoast.com\/wordpress\/plugins\/seo\/ -->\n<title>Pol\u00edtica de Privacidade - Instituto Liberdade Digital<\/title>\n<meta name=\"robots\" content=\"index, follow, max-snippet:-1, max-image-preview:large, max-video-preview:-1\" \/>\n<link rel=\"canonical\" href=\"http:\/\/www.institutoliberdadedigital.com.br\/site\/politica-de-privacidade\/\" \/>\n<meta property=\"og:locale\" content=\"pt_BR\" \/>\n<meta property=\"og:type\" content=\"article\" \/>\n<meta property=\"og:title\" content=\"Pol\u00edtica de Privacidade - Instituto Liberdade Digital\" \/>\n<meta property=\"og:description\" content=\"Sua privacidade \u00e9 importante para o Instituto Liberdade Digital (\u201cILD\u201d) o qual est\u00e1 comprometido em cumprir todos os aspectos da Lei Geral de Prote\u00e7\u00e3o de Dados Pessoais e o Marco Civil da Internet. O intuito desta Pol\u00edtica de Privacidade \u00e9 Read more\" \/>\n<meta property=\"og:url\" content=\"http:\/\/www.institutoliberdadedigital.com.br\/site\/politica-de-privacidade\/\" \/>\n<meta property=\"og:site_name\" content=\"Instituto Liberdade Digital\" \/>\n<meta property=\"article:publisher\" content=\"https:\/\/www.facebook.com\/Institutoliberdadedigital\/\" \/>\n<meta property=\"article:modified_time\" content=\"2020-10-30T21:08:43+00:00\" \/>\n<meta name=\"twitter:card\" content=\"summary\" \/>\n<meta name=\"twitter:site\" content=\"@InstitutoLD\" \/>\n<meta name=\"twitter:label1\" content=\"Est. tempo de leitura\" \/>\n\t<meta name=\"twitter:data1\" content=\"3 minutos\" \/>\n<script type=\"application\/ld+json\" class=\"yoast-schema-graph\">{\"@context\":\"https:\/\/schema.org\",\"@graph\":[{\"@type\":\"WebPage\",\"@id\":\"http:\/\/www.institutoliberdadedigital.com.br\/site\/politica-de-privacidade\/\",\"url\":\"http:\/\/www.institutoliberdadedigital.com.br\/site\/politica-de-privacidade\/\",\"name\":\"Pol\u00edtica de Privacidade - Instituto Liberdade Digital\",\"isPartOf\":{\"@id\":\"http:\/\/www.institutoliberdadedigital.com.br\/site\/#website\"},\"datePublished\":\"2020-10-22T18:59:13+00:00\",\"dateModified\":\"2020-10-30T21:08:43+00:00\",\"breadcrumb\":{\"@id\":\"http:\/\/www.institutoliberdadedigital.com.br\/site\/politica-de-privacidade\/#breadcrumb\"},\"inLanguage\":\"pt-BR\",\"potentialAction\":[{\"@type\":\"ReadAction\",\"target\":[\"http:\/\/www.institutoliberdadedigital.com.br\/site\/politica-de-privacidade\/\"]}]},{\"@type\":\"BreadcrumbList\",\"@id\":\"http:\/\/www.institutoliberdadedigital.com.br\/site\/politica-de-privacidade\/#breadcrumb\",\"itemListElement\":[{\"@type\":\"ListItem\",\"position\":1,\"name\":\"In\u00edcio\",\"item\":\"http:\/\/www.institutoliberdadedigital.com.br\/site\/\"},{\"@type\":\"ListItem\",\"position\":2,\"name\":\"Pol\u00edtica de Privacidade\"}]},{\"@type\":\"WebSite\",\"@id\":\"http:\/\/www.institutoliberdadedigital.com.br\/site\/#website\",\"url\":\"http:\/\/www.institutoliberdadedigital.com.br\/site\/\",\"name\":\"Instituto Liberdade Digital\",\"description\":\"\",\"publisher\":{\"@id\":\"http:\/\/www.institutoliberdadedigital.com.br\/site\/#organization\"},\"potentialAction\":[{\"@type\":\"SearchAction\",\"target\":{\"@type\":\"EntryPoint\",\"urlTemplate\":\"http:\/\/www.institutoliberdadedigital.com.br\/site\/?s={search_term_string}\"},\"query-input\":\"required name=search_term_string\"}],\"inLanguage\":\"pt-BR\"},{\"@type\":\"Organization\",\"@id\":\"http:\/\/www.institutoliberdadedigital.com.br\/site\/#organization\",\"name\":\"Instituto Liberdade Digital\",\"url\":\"http:\/\/www.institutoliberdadedigital.com.br\/site\/\",\"sameAs\":[\"https:\/\/instagram.com\/institutoliberdadedigital?igshid=1xyjdem24x4db\",\"https:\/\/www.linkedin.com\/company\/institutoliberdadedigital\",\"https:\/\/www.youtube.com\/channel\/UCWxG8jDEsVd9ikHEzlHnhxw\",\"https:\/\/www.facebook.com\/Institutoliberdadedigital\/\",\"https:\/\/twitter.com\/InstitutoLD\"],\"logo\":{\"@type\":\"ImageObject\",\"inLanguage\":\"pt-BR\",\"@id\":\"http:\/\/www.institutoliberdadedigital.com.br\/site\/#\/schema\/logo\/image\/\",\"url\":\"http:\/\/www.institutoliberdadedigital.com.br\/site\/wp-content\/uploads\/2021\/10\/logotipo-big.png\",\"contentUrl\":\"http:\/\/www.institutoliberdadedigital.com.br\/site\/wp-content\/uploads\/2021\/10\/logotipo-big.png\",\"width\":1080,\"height\":1080,\"caption\":\"Instituto Liberdade Digital\"},\"image\":{\"@id\":\"http:\/\/www.institutoliberdadedigital.com.br\/site\/#\/schema\/logo\/image\/\"}}]}<\/script>\n<!-- \/ Yoast SEO plugin. -->","yoast_head_json":{"title":"Pol\u00edtica de Privacidade - Instituto Liberdade Digital","robots":{"index":"index","follow":"follow","max-snippet":"max-snippet:-1","max-image-preview":"max-image-preview:large","max-video-preview":"max-video-preview:-1"},"canonical":"http:\/\/www.institutoliberdadedigital.com.br\/site\/politica-de-privacidade\/","og_locale":"pt_BR","og_type":"article","og_title":"Pol\u00edtica de Privacidade - Instituto Liberdade Digital","og_description":"Sua privacidade \u00e9 importante para o Instituto Liberdade Digital (\u201cILD\u201d) o qual est\u00e1 comprometido em cumprir todos os aspectos da Lei Geral de Prote\u00e7\u00e3o de Dados Pessoais e o Marco Civil da Internet. O intuito desta Pol\u00edtica de Privacidade \u00e9 Read more","og_url":"http:\/\/www.institutoliberdadedigital.com.br\/site\/politica-de-privacidade\/","og_site_name":"Instituto Liberdade Digital","article_publisher":"https:\/\/www.facebook.com\/Institutoliberdadedigital\/","article_modified_time":"2020-10-30T21:08:43+00:00","twitter_card":"summary","twitter_site":"@InstitutoLD","twitter_misc":{"Est. tempo de leitura":"3 minutos"},"schema":{"@context":"https:\/\/schema.org","@graph":[{"@type":"WebPage","@id":"http:\/\/www.institutoliberdadedigital.com.br\/site\/politica-de-privacidade\/","url":"http:\/\/www.institutoliberdadedigital.com.br\/site\/politica-de-privacidade\/","name":"Pol\u00edtica de Privacidade - Instituto Liberdade Digital","isPartOf":{"@id":"http:\/\/www.institutoliberdadedigital.com.br\/site\/#website"},"datePublished":"2020-10-22T18:59:13+00:00","dateModified":"2020-10-30T21:08:43+00:00","breadcrumb":{"@id":"http:\/\/www.institutoliberdadedigital.com.br\/site\/politica-de-privacidade\/#breadcrumb"},"inLanguage":"pt-BR","potentialAction":[{"@type":"ReadAction","target":["http:\/\/www.institutoliberdadedigital.com.br\/site\/politica-de-privacidade\/"]}]},{"@type":"BreadcrumbList","@id":"http:\/\/www.institutoliberdadedigital.com.br\/site\/politica-de-privacidade\/#breadcrumb","itemListElement":[{"@type":"ListItem","position":1,"name":"In\u00edcio","item":"http:\/\/www.institutoliberdadedigital.com.br\/site\/"},{"@type":"ListItem","position":2,"name":"Pol\u00edtica de Privacidade"}]},{"@type":"WebSite","@id":"http:\/\/www.institutoliberdadedigital.com.br\/site\/#website","url":"http:\/\/www.institutoliberdadedigital.com.br\/site\/","name":"Instituto Liberdade Digital","description":"","publisher":{"@id":"http:\/\/www.institutoliberdadedigital.com.br\/site\/#organization"},"potentialAction":[{"@type":"SearchAction","target":{"@type":"EntryPoint","urlTemplate":"http:\/\/www.institutoliberdadedigital.com.br\/site\/?s={search_term_string}"},"query-input":"required name=search_term_string"}],"inLanguage":"pt-BR"},{"@type":"Organization","@id":"http:\/\/www.institutoliberdadedigital.com.br\/site\/#organization","name":"Instituto Liberdade Digital","url":"http:\/\/www.institutoliberdadedigital.com.br\/site\/","sameAs":["https:\/\/instagram.com\/institutoliberdadedigital?igshid=1xyjdem24x4db","https:\/\/www.linkedin.com\/company\/institutoliberdadedigital","https:\/\/www.youtube.com\/channel\/UCWxG8jDEsVd9ikHEzlHnhxw","https:\/\/www.facebook.com\/Institutoliberdadedigital\/","https:\/\/twitter.com\/InstitutoLD"],"logo":{"@type":"ImageObject","inLanguage":"pt-BR","@id":"http:\/\/www.institutoliberdadedigital.com.br\/site\/#\/schema\/logo\/image\/","url":"http:\/\/www.institutoliberdadedigital.com.br\/site\/wp-content\/uploads\/2021\/10\/logotipo-big.png","contentUrl":"http:\/\/www.institutoliberdadedigital.com.br\/site\/wp-content\/uploads\/2021\/10\/logotipo-big.png","width":1080,"height":1080,"caption":"Instituto Liberdade Digital"},"image":{"@id":"http:\/\/www.institutoliberdadedigital.com.br\/site\/#\/schema\/logo\/image\/"}}]}},"_links":{"self":[{"href":"https:\/\/www.institutoliberdadedigital.com.br\/site\/wp-json\/wp\/v2\/pages\/792"}],"collection":[{"href":"https:\/\/www.institutoliberdadedigital.com.br\/site\/wp-json\/wp\/v2\/pages"}],"about":[{"href":"https:\/\/www.institutoliberdadedigital.com.br\/site\/wp-json\/wp\/v2\/types\/page"}],"author":[{"embeddable":true,"href":"https:\/\/www.institutoliberdadedigital.com.br\/site\/wp-json\/wp\/v2\/users\/3"}],"replies":[{"embeddable":true,"href":"https:\/\/www.institutoliberdadedigital.com.br\/site\/wp-json\/wp\/v2\/comments?post=792"}],"version-history":[{"count":3,"href":"https:\/\/www.institutoliberdadedigital.com.br\/site\/wp-json\/wp\/v2\/pages\/792\/revisions"}],"predecessor-version":[{"id":856,"href":"https:\/\/www.institutoliberdadedigital.com.br\/site\/wp-json\/wp\/v2\/pages\/792\/revisions\/856"}],"wp:attachment":[{"href":"https:\/\/www.institutoliberdadedigital.com.br\/site\/wp-json\/wp\/v2\/media?parent=792"}],"curies":[{"name":"wp","href":"https:\/\/api.w.org\/{rel}","templated":true}]}}